{"id":20763,"date":"2023-05-04T13:11:13","date_gmt":"2023-05-04T11:11:13","guid":{"rendered":"http:\/\/www.vokes.vilnius.lm.lt\/?page_id=20763"},"modified":"2026-01-20T11:15:26","modified_gmt":"2026-01-20T09:15:26","slug":"atnaujintas-ugdymo-turinys","status":"publish","type":"page","link":"https:\/\/www.vokes.vilnius.lm.lt\/?page_id=20763","title":{"rendered":"Ugdymo turinio atnaujinimas"},"content":{"rendered":"<div class=\"entry\">\n<ul>\n<li><span style=\"font-size: 14pt;\"><span style=\"font-family: 'times new roman', times, serif;\"><a href=\"http:\/\/www.vokes.vilnius.lm.lt\/wp-content\/uploads\/2023\/05\/SKM_22723050413530-1-2-1.pdf\" target=\"_blank\" rel=\"noopener noreferrer\">Atnaujinto ugdymo turinio \u012fgyvendinimo Vilniaus Trak\u0173 Vok\u0117s gimnazijoje koordinavimo grup\u0117<\/a><br \/>\n<\/span><\/span><\/li>\n<li><a href=\"http:\/\/www.vokes.vilnius.lm.lt\/wp-content\/uploads\/2023\/05\/SKM_22723050413530-2-5.pdf\" target=\"_blank\" rel=\"noopener noreferrer\"><span style=\"font-family: 'times new roman', times, serif; font-size: 14pt;\"><span style=\"font-family: 'times new roman', times, serif; font-size: 14pt;\">Atnaujinto ugdymo turinio diegimo Vilniaus Trak\u0173 Vok\u0117s gimnazijoje veiksm\u0173 ir priemoni\u0173 planas<\/span><\/span>&nbsp;<\/a><\/li>\n<li><a href=\"https:\/\/licejus.lt\/uploads\/Dokumentai\/UTA\/UGDYMO-TURINIO-ATNAUJINIMAS.pdf\" target=\"_blank\" rel=\"noopener noreferrer\"><span style=\"font-family: 'times new roman', times, serif; font-size: 14pt;\"><span style=\"font-family: 'times new roman', times, serif; font-size: 14pt;\">Ugdymo turinio atnaujinimas. K\u0105 reikia \u017einoti?<\/span><\/span>&nbsp;<\/a><\/li>\n<li><a href=\"https:\/\/licejus.lt\/uploads\/Dokumentai\/UTA\/T%C4%97vams%20apie%20UTA.pdf\" target=\"_blank\" rel=\"noopener noreferrer\"><span style=\"font-family: 'times new roman', times, serif; font-size: 14pt;\"><span style=\"font-family: 'times new roman', times, serif; font-size: 14pt;\">T\u0117vams apie ugdymo turinio atnaujinim\u0105<\/span><\/span>&nbsp;<\/a><\/li>\n<li><a href=\"https:\/\/licejus.lt\/uploads\/Dokumentai\/UTA\/Atmintine%20desimtokui.pdf\" target=\"_blank\" rel=\"noopener noreferrer\"><span style=\"font-family: 'times new roman', times, serif; font-size: 14pt;\"><span style=\"font-family: 'times new roman', times, serif; font-size: 14pt;\">Atmintin\u0117 de\u0161imtokui(-ei)<\/span><\/span>&nbsp;<\/a><\/li>\n<\/ul>\n<p><span style=\"font-size: 14pt;\"><strong><span style=\"font-family: 'times new roman', times, serif;\"><span style=\"font-family: 'times new roman', times, serif;\">Pasirengimas ugdymo turinio atnaujinimui:<\/span><\/span><\/strong><\/span><\/p>\n<p><span style=\"font-family: 'times new roman', times, serif; font-size: 14pt;\">Prie\u0161mokyklinio, pradinio, pagrindinio ir vidurinio ugdymo bendrosios programos ir rekomendacijos:<\/span><br \/>\n<span style=\"font-family: 'times new roman', times, serif; font-size: 14pt;\"><a href=\"https:\/\/www.e-tar.lt\/portal\/lt\/legalAct\/06c1f24040b711edbc04912defe897d1\" target=\"_blank\" rel=\"noopener noreferrer\">https:\/\/www.e-tar.lt\/portal\/lt\/legalAct\/06c1f24040b711edbc04912defe897d1<\/a><\/span><br \/>\n<span style=\"font-family: 'times new roman', times, serif; font-size: 14pt;\"><a href=\"https:\/\/www.emokykla.lt\/bendrasis\/bendrosios-programos\/atnaujintos-bendrosios-programos\" target=\"_blank\" rel=\"noopener noreferrer\">https:\/\/www.emokykla.lt\/bendrasis\/bendrosios-programos\/atnaujintos-bendrosios-programos<\/a><\/span><\/p>\n<p><span style=\"font-family: 'times new roman', times, serif; font-size: 14pt;\"><a href=\"https:\/\/www.youtube.com\/playlist?list=PLb3M6Z90Z4rRf8MMXfrKj_2hWlkqxN9N7\">Rengini\u0173 \u012fra\u0161ai<\/a><\/span><\/p>\n<p>&nbsp;<\/p>\n<p>&nbsp;<\/p>\n<\/div>\n","protected":false},"excerpt":{"rendered":"<p>Atnaujinto ugdymo turinio \u012fgyvendinimo Vilniaus Trak\u0173 Vok\u0117s gimnazijoje koordinavimo grup\u0117 Atnaujinto ugdymo turinio diegimo Vilniaus Trak\u0173 Vok\u0117s gimnazijoje veiksm\u0173 ir priemoni\u0173 planas&nbsp; Ugdymo turinio atnaujinimas. K\u0105 reikia \u017einoti?&nbsp; T\u0117vams apie ugdymo turinio atnaujinim\u0105&nbsp; Atmintin\u0117 de\u0161imtokui(-ei)&nbsp; Pasirengimas ugdymo turinio atnaujinimui: Prie\u0161mokyklinio, pradinio, pagrindinio ir vidurinio ugdymo bendrosios programos ir rekomendacijos: https:\/\/www.e-tar.lt\/portal\/lt\/legalAct\/06c1f24040b711edbc04912defe897d1 https:\/\/www.emokykla.lt\/bendrasis\/bendrosios-programos\/atnaujintos-bendrosios-programos Rengini\u0173 \u012fra\u0161ai &nbsp; &nbsp;<\/p>\n","protected":false},"author":1,"featured_media":0,"parent":0,"menu_order":0,"comment_status":"closed","ping_status":"closed","template":"","meta":{"footnotes":""},"class_list":["post-20763","page","type-page","status-publish"],"_links":{"self":[{"href":"https:\/\/www.vokes.vilnius.lm.lt\/index.php?rest_route=\/wp\/v2\/pages\/20763","targetHints":{"allow":["GET"]}}],"collection":[{"href":"https:\/\/www.vokes.vilnius.lm.lt\/index.php?rest_route=\/wp\/v2\/pages"}],"about":[{"href":"https:\/\/www.vokes.vilnius.lm.lt\/index.php?rest_route=\/wp\/v2\/types\/page"}],"author":[{"embeddable":true,"href":"https:\/\/www.vokes.vilnius.lm.lt\/index.php?rest_route=\/wp\/v2\/users\/1"}],"replies":[{"embeddable":true,"href":"https:\/\/www.vokes.vilnius.lm.lt\/index.php?rest_route=%2Fwp%2Fv2%2Fcomments&post=20763"}],"version-history":[{"count":17,"href":"https:\/\/www.vokes.vilnius.lm.lt\/index.php?rest_route=\/wp\/v2\/pages\/20763\/revisions"}],"predecessor-version":[{"id":26707,"href":"https:\/\/www.vokes.vilnius.lm.lt\/index.php?rest_route=\/wp\/v2\/pages\/20763\/revisions\/26707"}],"wp:attachment":[{"href":"https:\/\/www.vokes.vilnius.lm.lt\/index.php?rest_route=%2Fwp%2Fv2%2Fmedia&parent=20763"}],"curies":[{"name":"wp","href":"https:\/\/api.w.org\/{rel}","templated":true}]}}