{"id":177,"date":"2013-04-04T17:52:36","date_gmt":"2013-04-04T17:52:36","guid":{"rendered":"http:\/\/www2156.vu.lt\/?page_id=177"},"modified":"2026-03-23T13:47:20","modified_gmt":"2026-03-23T11:47:20","slug":"moksleiviams","status":"publish","type":"page","link":"https:\/\/www.vokes.vilnius.lm.lt\/?page_id=177","title":{"rendered":"Mokiniams"},"content":{"rendered":"<div class=\"entry\">\n<ul>\n<li><a href=\"https:\/\/www.vokes.vilnius.lm.lt\/wp-content\/uploads\/2026\/03\/Mokinio-elgesio-taisykles.pdf\" target=\"_blank\" rel=\"noopener\"><span style=\"font-family: 'times new roman', times, serif; font-size: 14pt;\">Vilniaus Trak\u0173 Vok\u0117s gimnazijos mokinio elgesio taisykl\u0117s<\/span><\/a><\/li>\n<li><span style=\"font-family: 'times new roman', times, serif; font-size: 14pt;\"><a href=\"https:\/\/www.vokes.vilnius.lm.lt\/wp-content\/uploads\/2026\/01\/mobiliuju_aprasas_galutinis-1.pdf\" target=\"_blank\" rel=\"noopener noreferrer\">Vilniaus Trak\u0173 Vok\u0117s gimnazijos mokini\u0173 naudojimosi mobiliais \u012frenginiais tvarkos apra\u0161as<\/a><\/span><\/li>\n<li><span style=\"font-family: 'times new roman', times, serif; font-size: 14pt;\"><a href=\"http:\/\/www.vokes.vilnius.lm.lt\/wp-content\/uploads\/2025\/12\/Mokinio_pazymejimo_isdavimo_tvarkos_aprasas_2025.pdf\" target=\"_blank\" rel=\"noopener noreferrer\">Mokinio pa\u017eym\u0117jimo (popierinio) i\u0161davimo ir naudojimo tvarkos apra\u0161as<\/a><\/span><\/li>\n<li><span style=\"font-family: 'times new roman', times, serif; font-size: 14pt;\"><a href=\"http:\/\/www.vokes.vilnius.lm.lt\/wp-content\/uploads\/2025\/10\/Va%C5%BEiavimo-grafikas-nuo-IX-29.pdf\" target=\"_blank\" rel=\"noopener noreferrer\">Vilniaus Trak\u0173 Vok\u0117s gimnazijos mokyklinio autobuso mar\u0161rut\u0173 grafikas<\/a><\/span><\/li>\n<li><span style=\"font-family: 'times new roman', times, serif; font-size: 14pt;\"><a href=\"http:\/\/www.vokes.vilnius.lm.lt\/wp-content\/uploads\/2025\/10\/tvarkarastis-1-4-kl.-25-26.pdf\" target=\"_blank\" rel=\"noopener noreferrer\">1-4 kl. mokini\u0173 pamok\u0173 tvarkara\u0161tis 2025-2026 m.m.<\/a><\/span><\/li>\n<li><span style=\"font-family: 'times new roman', times, serif; font-size: 14pt;\"><a href=\"http:\/\/www.vokes.vilnius.lm.lt\/wp-content\/uploads\/2025\/10\/tvark.-5-12-kl.-2025-2026.pdf\" target=\"_blank\" rel=\"noopener noreferrer\">5-12 kl. mokini\u0173 pamok\u0173 tvarkara\u0161tis 2025-2026 m.m.<\/a>\u00a0<\/span><\/li>\n<li><span style=\"font-family: 'times new roman', times, serif; font-size: 14pt;\"><a href=\"http:\/\/www.vokes.vilnius.lm.lt\/wp-content\/uploads\/2025\/09\/Neformalaus-tvarkara%C5%A1tis-2025.pdf\" target=\"_blank\" rel=\"noopener noreferrer\">2025-2026 m. m. neformaliojo vaik\u0173\u00a0\u0161vietimo\u00a0u\u017esi\u0117mim\u0173 tvarkara\u0161tis<\/a><\/span><\/li>\n<li><span style=\"font-family: 'times new roman', times, serif; font-size: 14pt;\"><a href=\"http:\/\/www.vokes.vilnius.lm.lt\/wp-content\/uploads\/2025\/10\/Individualiu_konsultaciju_tvarkarastis.pdf\" target=\"_blank\" rel=\"noopener noreferrer\">Dalyk\u0173 mokytoj\u0173 individuali\u0173 konsultacij\u0173 tvarkara\u0161tis<\/a><\/span><\/li>\n<\/ul>\n<\/div>\n","protected":false},"excerpt":{"rendered":"<p>Vilniaus Trak\u0173 Vok\u0117s gimnazijos mokinio elgesio taisykl\u0117s Vilniaus Trak\u0173 Vok\u0117s gimnazijos mokini\u0173 naudojimosi mobiliais \u012frenginiais tvarkos apra\u0161as Mokinio pa\u017eym\u0117jimo (popierinio) i\u0161davimo ir naudojimo tvarkos apra\u0161as Vilniaus Trak\u0173 Vok\u0117s gimnazijos mokyklinio autobuso mar\u0161rut\u0173 grafikas 1-4 kl. mokini\u0173 pamok\u0173 tvarkara\u0161tis 2025-2026 m.m. 5-12 kl. mokini\u0173 pamok\u0173 tvarkara\u0161tis 2025-2026 m.m.\u00a0 2025-2026 m. m. neformaliojo vaik\u0173\u00a0\u0161vietimo\u00a0u\u017esi\u0117mim\u0173 tvarkara\u0161tis Dalyk\u0173 mokytoj\u0173 &#8230;<\/p>\n","protected":false},"author":1,"featured_media":0,"parent":21,"menu_order":1,"comment_status":"closed","ping_status":"closed","template":"","meta":{"footnotes":""},"class_list":["post-177","page","type-page","status-publish"],"_links":{"self":[{"href":"https:\/\/www.vokes.vilnius.lm.lt\/index.php?rest_route=\/wp\/v2\/pages\/177","targetHints":{"allow":["GET"]}}],"collection":[{"href":"https:\/\/www.vokes.vilnius.lm.lt\/index.php?rest_route=\/wp\/v2\/pages"}],"about":[{"href":"https:\/\/www.vokes.vilnius.lm.lt\/index.php?rest_route=\/wp\/v2\/types\/page"}],"author":[{"embeddable":true,"href":"https:\/\/www.vokes.vilnius.lm.lt\/index.php?rest_route=\/wp\/v2\/users\/1"}],"replies":[{"embeddable":true,"href":"https:\/\/www.vokes.vilnius.lm.lt\/index.php?rest_route=%2Fwp%2Fv2%2Fcomments&post=177"}],"version-history":[{"count":100,"href":"https:\/\/www.vokes.vilnius.lm.lt\/index.php?rest_route=\/wp\/v2\/pages\/177\/revisions"}],"predecessor-version":[{"id":27289,"href":"https:\/\/www.vokes.vilnius.lm.lt\/index.php?rest_route=\/wp\/v2\/pages\/177\/revisions\/27289"}],"up":[{"embeddable":true,"href":"https:\/\/www.vokes.vilnius.lm.lt\/index.php?rest_route=\/wp\/v2\/pages\/21"}],"wp:attachment":[{"href":"https:\/\/www.vokes.vilnius.lm.lt\/index.php?rest_route=%2Fwp%2Fv2%2Fmedia&parent=177"}],"curies":[{"name":"wp","href":"https:\/\/api.w.org\/{rel}","templated":true}]}}